{"id":64,"date":"2021-08-10T09:24:49","date_gmt":"2021-08-10T08:24:49","guid":{"rendered":"http:\/\/www.praxis-dr-classen.de\/?page_id=64"},"modified":"2025-12-09T07:54:42","modified_gmt":"2025-12-09T06:54:42","slug":"unser-team-2","status":"publish","type":"page","link":"https:\/\/www.praxis-dr-classen.de\/?page_id=64","title":{"rendered":"Unser Team"},"content":{"rendered":"<div>\r\n<h1>Wir sind f\u00fcr Sie da!<\/h1>\r\n<\/div>\r\n<div>\r\n<p>Das Praxisteam dieser Allgemeinmedizinpraxis besteht aus einem Arzt, zwei Medizinischen Fachangestellten, einer Krankenschwester\/Lehrerin f\u00fcr Pflegeberufe sowie einer Auszubildenden:<\/p>\r\n<p><a href=\"http:\/\/www.praxis-dr-classen.de\/wp-content\/uploads\/2022\/03\/volker_ersetzung_website-white.jpg\"><img decoding=\"async\" loading=\"lazy\" class=\"alignleft wp-image-683 size-full\" title=\"Sportmedizin, Notfallmedizin, Naturheilverfahren, Allgemeinmedizin, Hausarzt, google, Zweitmeinung\" src=\"http:\/\/www.praxis-dr-classen.de\/wp-content\/uploads\/2022\/03\/volker_ersetzung_website-white.jpg\" alt=\"\" width=\"300\" height=\"214\" \/><\/a><\/p>\r\n<p>&nbsp;<\/p>\r\n<p>&nbsp;<\/p>\r\n<p>&nbsp;<\/p>\r\n<p>&nbsp;<\/p>\r\n<p>&nbsp;<\/p>\r\n<p>&nbsp;<\/p>\r\n<p><strong>Dr. med. Volker Classen<\/strong>, <strong>Facharzt f\u00fcr Allgemeinmedizin, Naturheilverfahren, Sportmedizin, Notfallmedizin<\/strong>, Ausbildung an SanAkBW M\u00fcnchen, <a href=\"http:\/\/www.uni-mainz.de\/\">Uni Mainz<\/a>\u00a0und <a href=\"https:\/\/www.uni-wuerzburg.de\/startseite\/\">Uni W\u00fcrzburg<\/a>, Promotion an der <a href=\"https:\/\/www.ukw.de\/frauenklinik\/startseite\/\">Uniklinik f\u00fcr Frauenheilkunde in W\u00fcrzburg<\/a>, internationale Erfahrung (KFOR), langj\u00e4hrige T\u00e4tigkeit als LNA (Leitender Notarzt), in der Sportmedizin sowie als Klinikarzt in den Fachbereichen Innere Medizin, Chirurgie, An\u00e4sthesie, Notfallmedizin, Intensivmedizin, zuletzt an der <a href=\"http:\/\/www.medizin.uni-halle.de\">Uniklinik Halle<\/a>\u00a0und der <a href=\"https:\/\/www.ukw.de\/startseite\/\">Uniklinik W\u00fcrzburg<\/a>\u00a0<a href=\"https:\/\/www.ukw.de\/standorte\/zentrum-fuer-operative-medizin-zom\/zentrum-fuer-operative-medizin-zom\/\">(ZOM)<\/a>, kompetenter Ansprechpartner f\u00fcr alle kleinen und gro\u00dfen Probleme rund um die Gesundheit.<\/p>\r\n<p>&nbsp;<\/p>\r\n<p><a href=\"http:\/\/www.praxis-dr-classen.de\/wp-content\/uploads\/2013\/05\/gabi_ersetzung_website.jpg\"><img decoding=\"async\" loading=\"lazy\" class=\"alignleft wp-image-31 size-full\" title=\"Alternative Medizin Eigenblut Aufbauspritzen\" src=\"http:\/\/www.praxis-dr-classen.de\/wp-content\/uploads\/2013\/05\/gabi_ersetzung_website.jpg\" alt=\"gabi_ersetzung_website\" width=\"300\" height=\"233\" \/><\/a><\/p>\r\n<p>&nbsp;<\/p>\r\n<p>&nbsp;<\/p>\r\n<p>&nbsp;<\/p>\r\n<p>&nbsp;<\/p>\r\n<p>&nbsp;<\/p>\r\n<p>&nbsp;<\/p>\r\n<p><strong style=\"font-size: 1rem;\">Gabriele Classen, Krankenschwester<\/strong><span style=\"font-size: 1rem;\"> (zuletzt <\/span><a style=\"font-size: 1rem;\" href=\"http:\/\/www.medizin1.ukw.de\/startseite.html\">Uniklinik W\u00fcrzburg, Kardiologie<\/a><span style=\"font-size: 1rem;\">), examinierte Lehrerin f\u00fcr Pflegeberufe, zertifizierte Praxismanagerin, <\/span><a style=\"font-size: 1rem;\" href=\"https:\/\/www.verah.de\/\">VERAH\u00ae<\/a><span style=\"font-size: 1rem;\">\u00a0(Versorgungsassistentin in der Hausarztpraxis), N\u00e4PA (Nicht\u00e4rztliche Praxisassistentin), individuelle Betreuung und Ansprechpartnerin insbesondere f\u00fcr Schulungen von Patienten mit chronischen Erkrankungen.<\/span><\/p>\r\n<p>&nbsp;<\/p>\r\n<\/div>\r\n<p><a href=\"http:\/\/www.praxis-dr-classen.de\/wp-content\/uploads\/2022\/02\/20220203_154253-Kopie.jpg\"><img decoding=\"async\" loading=\"lazy\" class=\"alignleft size-full wp-image-672\" src=\"http:\/\/www.praxis-dr-classen.de\/wp-content\/uploads\/2022\/02\/20220203_154253-Kopie.jpg\" alt=\"\" width=\"300\" height=\"231\" \/><\/a><\/p>\r\n<p>&nbsp;<\/p>\r\n<p>&nbsp;<\/p>\r\n<p>&nbsp;<\/p>\r\n<!-- \/wp:paragraph -->\r\n\r\n<!-- wp:paragraph -->\r\n<p>&nbsp;<\/p>\r\n<p>&nbsp;<\/p>\r\n<p>&nbsp;<\/p>\r\n<p><strong style=\"font-size: 1rem;\">Adela Raska<\/strong><strong style=\"font-size: 1rem;\">, Krankenschwester, <\/strong><span style=\"font-size: 1rem;\">mehrj\u00e4hrige internationale Erfahrung, auch im Rehabereich, spezialisiert auf patientenorientiertes Arbeiten, Betreuung chronisch kranker Patienten.<\/span><\/p>\r\n<p>&nbsp;<\/p>\r\n<p><a href=\"http:\/\/www.praxis-dr-classen.de\/wp-content\/uploads\/2022\/02\/20220203_111724-Kopie.jpg\"><img decoding=\"async\" loading=\"lazy\" class=\"alignleft size-full wp-image-671\" src=\"http:\/\/www.praxis-dr-classen.de\/wp-content\/uploads\/2022\/02\/20220203_111724-Kopie.jpg\" alt=\"\" width=\"300\" height=\"231\" \/><\/a><\/p>\r\n<p>&nbsp;<\/p>\r\n<p>&nbsp;<\/p>\r\n<p>&nbsp;<\/p>\r\n<p>&nbsp;<\/p>\r\n<p>&nbsp;<\/p>\r\n<p>&nbsp;<\/p>\r\n<p><strong style=\"font-size: 1rem;\">Linda Klassen<\/strong><strong style=\"font-size: 1rem;\">, Medizinische Fachangestellte, <\/strong><span style=\"font-size: 1rem;\">motiviert, technisch begabt, gro\u00dfes Interesse an Kommunikation und Umgang mit Patienten.<\/span><\/p>\r\n<p>&nbsp;<\/p>\r\n<p><a href=\"http:\/\/www.praxis-dr-classen.de\/wp-content\/uploads\/2023\/11\/20231122_072803.png\"><img decoding=\"async\" loading=\"lazy\" class=\"alignleft size-medium wp-image-966\" src=\"http:\/\/www.praxis-dr-classen.de\/wp-content\/uploads\/2023\/11\/20231122_072803-300x225.png\" alt=\"\" width=\"300\" height=\"225\" srcset=\"https:\/\/www.praxis-dr-classen.de\/wp-content\/uploads\/2023\/11\/20231122_072803-300x225.png 300w, https:\/\/www.praxis-dr-classen.de\/wp-content\/uploads\/2023\/11\/20231122_072803.png 640w\" sizes=\"(max-width: 300px) 100vw, 300px\" \/><\/a><\/p>\r\n<p>&nbsp;<\/p>\r\n<p>&nbsp;<\/p>\r\n<p>&nbsp;<\/p>\r\n<p>&nbsp;<\/p>\r\n<p>&nbsp;<\/p>\r\n<p>&nbsp;<\/p>\r\n<p><strong style=\"font-size: 1rem;\">Samira Neeb<\/strong><strong style=\"font-size: 1rem;\">, Auszubildende zur medizinischen Fachangestellten, <\/strong><span style=\"font-size: 1rem;\">lernorientiert, sozial engagiert, neuestes Teammitglied, gro\u00dfes Interesse an medizinischen Fragestellungen.<\/span><\/p>\r\n<p>&nbsp;<\/p>\r\n<p>&nbsp;<\/p>\r\n<p>&nbsp;<\/p>\r\n<!-- \/wp:paragraph -->","protected":false},"excerpt":{"rendered":"<p>Wir sind f\u00fcr Sie da! Das Praxisteam dieser Allgemeinmedizinpraxis besteht aus einem Arzt, zwei Medizinischen Fachangestellten, einer Krankenschwester\/Lehrerin f\u00fcr Pflegeberufe sowie einer Auszubildenden: &nbsp; &nbsp; &nbsp; &nbsp; &nbsp; &nbsp; Dr. med. Volker Classen, Facharzt f\u00fcr Allgemeinmedizin, Naturheilverfahren, Sportmedizin, Notfallmedizin, Ausbildung an SanAkBW M\u00fcnchen, Uni Mainz\u00a0und Uni W\u00fcrzburg, Promotion an der Uniklinik f\u00fcr Frauenheilkunde in W\u00fcrzburg, &hellip; <\/p>\n<p class=\"link-more\"><a href=\"https:\/\/www.praxis-dr-classen.de\/?page_id=64\" class=\"more-link\"><span class=\"screen-reader-text\">\u201eUnser Team\u201c <\/span>weiterlesen<\/a><\/p>\n","protected":false},"author":2,"featured_media":0,"parent":0,"menu_order":30,"comment_status":"closed","ping_status":"closed","template":"","meta":[],"_links":{"self":[{"href":"https:\/\/www.praxis-dr-classen.de\/index.php?rest_route=\/wp\/v2\/pages\/64"}],"collection":[{"href":"https:\/\/www.praxis-dr-classen.de\/index.php?rest_route=\/wp\/v2\/pages"}],"about":[{"href":"https:\/\/www.praxis-dr-classen.de\/index.php?rest_route=\/wp\/v2\/types\/page"}],"author":[{"embeddable":true,"href":"https:\/\/www.praxis-dr-classen.de\/index.php?rest_route=\/wp\/v2\/users\/2"}],"replies":[{"embeddable":true,"href":"https:\/\/www.praxis-dr-classen.de\/index.php?rest_route=%2Fwp%2Fv2%2Fcomments&post=64"}],"version-history":[{"count":2,"href":"https:\/\/www.praxis-dr-classen.de\/index.php?rest_route=\/wp\/v2\/pages\/64\/revisions"}],"predecessor-version":[{"id":1003,"href":"https:\/\/www.praxis-dr-classen.de\/index.php?rest_route=\/wp\/v2\/pages\/64\/revisions\/1003"}],"wp:attachment":[{"href":"https:\/\/www.praxis-dr-classen.de\/index.php?rest_route=%2Fwp%2Fv2%2Fmedia&parent=64"}],"curies":[{"name":"wp","href":"https:\/\/api.w.org\/{rel}","templated":true}]}}